{"id":2833,"date":"2023-05-02T11:20:43","date_gmt":"2023-05-02T08:20:43","guid":{"rendered":"https:\/\/mustamakimedia.fi\/business-portraits\/"},"modified":"2024-04-30T11:07:57","modified_gmt":"2024-04-30T08:07:57","slug":"valokuvaaja-jyvaskyla-henkilokuvaus","status":"publish","type":"page","link":"https:\/\/mustamakimedia.fi\/fi\/valokuvaaja-jyvaskyla-henkilokuvaus\/","title":{"rendered":"HENKIL\u00d6KUVAUS"},"content":{"rendered":"<p>[et_pb_section fb_built=&#8221;1&#8243; _builder_version=&#8221;4.19.4&#8243; custom_margin=&#8221;0px||0px||false|false&#8221; custom_padding=&#8221;0px||0px||false|false&#8221; global_colors_info=&#8221;{}&#8221;][et_pb_row _builder_version=&#8221;4.19.4&#8243; background_size=&#8221;initial&#8221; background_position=&#8221;top_left&#8221; background_repeat=&#8221;repeat&#8221; width=&#8221;100%&#8221; max_width=&#8221;3840px&#8221; custom_margin=&#8221;0px||0px||false|false&#8221; custom_padding=&#8221;0px||0px||false|false&#8221; global_colors_info=&#8221;{}&#8221;][et_pb_column type=&#8221;4_4&#8243; _builder_version=&#8221;4.16&#8243; custom_padding=&#8221;|||&#8221; global_colors_info=&#8221;{}&#8221; custom_padding__hover=&#8221;|||&#8221;][dmg_masonry_gallery gallery=&#8221;663,2681,1147,1145,1206,101,387,388,1148,906,904,883,882,676,675,674,662,396,131,657,659,658,661,1146,133,400,2740,3693,399,390,389,397,1149,3685,3679,3695,2693,2677,2691,2679&#8243; columns=&#8221;5&#8243; gutter=&#8221;4&#8243; images_size=&#8221;dmg_image_extra_large&#8221; modal_background_color=&#8221;#212121&#8243; columns_tablet=&#8221;3&#8243; columns_phone=&#8221;1&#8243; columns_last_edited=&#8221;on|phone&#8221; _builder_version=&#8221;4.21.0&#8243; _module_preset=&#8221;default&#8221; global_colors_info=&#8221;{}&#8221; border_radii_image__hover_enabled=&#8221;on|desktop&#8221;][\/dmg_masonry_gallery][\/et_pb_column][\/et_pb_row][\/et_pb_section]<\/p>\n","protected":false},"excerpt":{"rendered":"<div class=\"et_pb_module dmg_masonry_gallery dmg_masonry_gallery_0\">\n\t\t\t\t\n\t\t\t\t\n\t\t\t\t\n\t\t\t\t\n\t\t\t\t\n\t\t\t\t\n\t\t\t\t<div class=\"et_pb_module_inner\">\n\t\t\t\t\t\n\t\t\t<div class=\"dmg-gallery-wrapper\">\n\t\t\t\t\n\t\t\t\t<div class=\"dmg-gallery dmg-modal-gallery \">\n\t\t\t\t\t<div class=\"dmg-gallery-sizer\"><\/div>\n\t\t\t\t\t<div class=\"dmg-gutter-sizer\"><\/div>\n\t\t\t\t\t\n\t\t\t\t\t\t\t<a data-width=\"1440\" data-height=\"2160\" href=\"https:\/\/mustamakimedia.fi\/wp-content\/uploads\/2023\/03\/Musta-Maki-Media-Brandikuvaus-Jyvaskyla-96.jpeg\"  data-categories=\"\" class=\"dmg_masonry_gallery_item \" >\n\t\t\t\t\t\t\t\t<img class=\"dmg-lazyload\" alt=\"Professional commercial and business photography: individual portaits business, headshots, brand description in Jyv\u00e4skyl\u00e4.\" data-src=\"https:\/\/mustamakimedia.fi\/wp-content\/uploads\/2023\/03\/Musta-Maki-Media-Brandikuvaus-Jyvaskyla-96.jpeg\" width=\"1440\" height=\"2160\" \/>\n\t\t\t\t\t\t\t\t<span class=\"et_overlay\"><\/span>\n\t\t\t\t\t\t\t<\/a>\n\t\t\t\t\t\t\t\n\t\t\t\t\t\t\t<a data-width=\"1440\" data-height=\"2160\" href=\"https:\/\/mustamakimedia.fi\/wp-content\/uploads\/2023\/05\/Musta-Maki-Media-Ravintola-Kuvaus-Jyvaskyla-50.jpeg\"  data-categories=\"\" class=\"dmg_masonry_gallery_item \" >\n\t\t\t\t\t\t\t\t<img class=\"dmg-lazyload\" alt=\"HENKIL\u00d6KUVAUS Jyv\u00e4skyl\u00e4\" data-src=\"https:\/\/mustamakimedia.fi\/wp-content\/uploads\/2023\/05\/Musta-Maki-Media-Ravintola-Kuvaus-Jyvaskyla-50.jpeg\" width=\"1440\" height=\"2160\" \/>\n\t\t\t\t\t\t\t\t<span class=\"et_overlay\"><\/span>\n\t\t\t\t\t\t\t<\/a>\n\t\t\t\t\t\t\t\n\t\t\t\t\t\t\t<a data-width=\"1440\" data-height=\"2160\" href=\"https:\/\/mustamakimedia.fi\/wp-content\/uploads\/2023\/04\/Musta-Maki-Media-Brandikuvaus-Jyvaskyla-98.jpeg\"  data-categories=\"\" class=\"dmg_masonry_gallery_item \" >\n\t\t\t\t\t\t\t\t<img class=\"dmg-lazyload\" alt=\"Professional photo shot in Jyv\u00e4skyl\u00e4, business portraits in Central Finland, photo sessions for companies and individuals \u2013 Keski Suomi ( Valokuvaaja Jyv\u00e4skyl\u00e4 ) \" data-src=\"https:\/\/mustamakimedia.fi\/wp-content\/uploads\/2023\/04\/Musta-Maki-Media-Brandikuvaus-Jyvaskyla-98.jpeg\" width=\"1440\" height=\"2160\" \/>\n\t\t\t\t\t\t\t\t<span class=\"et_overlay\"><\/span>\n\t\t\t\t\t\t\t<\/a>\n\t\t\t\t\t\t\t\n\t\t\t\t\t\t\t<a data-width=\"1440\" data-height=\"2160\" href=\"https:\/\/mustamakimedia.fi\/wp-content\/uploads\/2023\/04\/Musta-Maki-Media-brandikuvaukset-Jyvaskyla-848.jpeg\"  data-categories=\"\" class=\"dmg_masonry_gallery_item \" >\n\t\t\t\t\t\t\t\t<img class=\"dmg-lazyload\" alt=\"Professional photo shot in Jyv\u00e4skyl\u00e4, business portraits in Central Finland, photo sessions for companies and individuals \u2013 Keski Suomi ( Valokuvaaja Jyv\u00e4skyl\u00e4 ) \" data-src=\"https:\/\/mustamakimedia.fi\/wp-content\/uploads\/2023\/04\/Musta-Maki-Media-brandikuvaukset-Jyvaskyla-848.jpeg\" width=\"1440\" height=\"2160\" \/>\n\t\t\t\t\t\t\t\t<span class=\"et_overlay\"><\/span>\n\t\t\t\t\t\t\t<\/a>\n\t\t\t\t\t\t\t\n\t\t\t\t\t\t\t<a data-width=\"1920\" data-height=\"1280\" href=\"https:\/\/mustamakimedia.fi\/wp-content\/uploads\/2023\/04\/Musta-Maki-Media-Brandikuvaus-Jyvaskyla-56-scaled.jpeg\"  data-categories=\"\" class=\"dmg_masonry_gallery_item \" >\n\t\t\t\t\t\t\t\t<img class=\"dmg-lazyload\" alt=\"Yrityskuvaus - Ammattitaitoinen Yrityskuvaus Jyv\u00e4skyl\u00e4ss\u00e4. Valokuvaus hammasklinikalle. Jyv\u00e4skyl\u00e4n yrityskuvat.\" data-src=\"https:\/\/mustamakimedia.fi\/wp-content\/uploads\/2023\/04\/Musta-Maki-Media-Brandikuvaus-Jyvaskyla-56-1920x1280.jpeg\" width=\"1920\" height=\"1280\" \/>\n\t\t\t\t\t\t\t\t<span class=\"et_overlay\"><\/span>\n\t\t\t\t\t\t\t<\/a>\n\t\t\t\t\t\t\t\n\t\t\t\t\t\t\t<a data-width=\"1920\" data-height=\"1280\" href=\"https:\/\/mustamakimedia.fi\/wp-content\/uploads\/2023\/03\/20210419-Klaudia-Cieplinska-Fotografia-KG-17-scaled.jpeg\"  data-categories=\"\" class=\"dmg_masonry_gallery_item \" >\n\t\t\t\t\t\t\t\t<img class=\"dmg-lazyload\" alt=\"Professional commercial and business photography: individual portaits business, headshots, brand description in Jyv\u00e4skyl\u00e4.\" data-src=\"https:\/\/mustamakimedia.fi\/wp-content\/uploads\/2023\/03\/20210419-Klaudia-Cieplinska-Fotografia-KG-17-1920x1280.jpeg\" width=\"1920\" height=\"1280\" \/>\n\t\t\t\t\t\t\t\t<span class=\"et_overlay\"><\/span>\n\t\t\t\t\t\t\t<\/a>\n\t\t\t\t\t\t\t\n\t\t\t\t\t\t\t<a data-width=\"1440\" data-height=\"2160\" href=\"https:\/\/mustamakimedia.fi\/wp-content\/uploads\/2023\/03\/Valokuvaaja-Jyvaskyla-Yrityskuvaus-Keski-Suomi-01.jpeg\"  data-categories=\"\" class=\"dmg_masonry_gallery_item \" >\n\t\t\t\t\t\t\t\t<img class=\"dmg-lazyload\" alt=\"Professional commercial and business photography: individual portaits business, headshots, brand description in Jyv\u00e4skyl\u00e4.\" data-src=\"https:\/\/mustamakimedia.fi\/wp-content\/uploads\/2023\/03\/Valokuvaaja-Jyvaskyla-Yrityskuvaus-Keski-Suomi-01.jpeg\" width=\"1440\" height=\"2160\" \/>\n\t\t\t\t\t\t\t\t<span class=\"et_overlay\"><\/span>\n\t\t\t\t\t\t\t<\/a>\n\t\t\t\t\t\t\t\n\t\t\t\t\t\t\t<a data-width=\"1920\" data-height=\"1280\" href=\"https:\/\/mustamakimedia.fi\/wp-content\/uploads\/2023\/03\/Valokuvaaja-Jyvaskyla-Yrityskuvaus-Keski-Suomi-02-scaled.jpeg\"  data-categories=\"\" class=\"dmg_masonry_gallery_item \" >\n\t\t\t\t\t\t\t\t<img class=\"dmg-lazyload\" alt=\"Professional commercial and business photography: individual portaits business, headshots, brand description in Jyv\u00e4skyl\u00e4.\" data-src=\"https:\/\/mustamakimedia.fi\/wp-content\/uploads\/2023\/03\/Valokuvaaja-Jyvaskyla-Yrityskuvaus-Keski-Suomi-02-1920x1280.jpeg\" width=\"1920\" height=\"1280\" \/>\n\t\t\t\t\t\t\t\t<span class=\"et_overlay\"><\/span>\n\t\t\t\t\t\t\t<\/a>\n\t\t\t\t\t\t\t\n\t\t\t\t\t\t\t<a data-width=\"1920\" data-height=\"1280\" href=\"https:\/\/mustamakimedia.fi\/wp-content\/uploads\/2023\/04\/Musta-Maki-Media-Brandikuvaus-Jyvaskyla-77-scaled.jpeg\"  data-categories=\"\" class=\"dmg_masonry_gallery_item \" >\n\t\t\t\t\t\t\t\t<img class=\"dmg-lazyload\" alt=\"Professional photo shot in Jyv\u00e4skyl\u00e4, business portraits in Central Finland, photo sessions for companies and individuals \u2013 Keski Suomi ( Valokuvaaja Jyv\u00e4skyl\u00e4 ) \" data-src=\"https:\/\/mustamakimedia.fi\/wp-content\/uploads\/2023\/04\/Musta-Maki-Media-Brandikuvaus-Jyvaskyla-77-1920x1280.jpeg\" width=\"1920\" height=\"1280\" \/>\n\t\t\t\t\t\t\t\t<span class=\"et_overlay\"><\/span>\n\t\t\t\t\t\t\t<\/a>\n\t\t\t\t\t\t\t\n\t\t\t\t\t\t\t<a data-width=\"1920\" data-height=\"1280\" href=\"https:\/\/mustamakimedia.fi\/wp-content\/uploads\/2023\/04\/Musta-Maki-Media-Brandikuvaus-Jyvaskyla-99-scaled.jpeg\"  data-categories=\"\" class=\"dmg_masonry_gallery_item \" >\n\t\t\t\t\t\t\t\t<img class=\"dmg-lazyload\" alt=\"Professional photo shot in Jyv\u00e4skyl\u00e4, business portraits in Central Finland, photo sessions for companies and individuals \u2013 Keski Suomi ( Valokuvaaja Jyv\u00e4skyl\u00e4 ) \" data-src=\"https:\/\/mustamakimedia.fi\/wp-content\/uploads\/2023\/04\/Musta-Maki-Media-Brandikuvaus-Jyvaskyla-99-1920x1280.jpeg\" width=\"1920\" height=\"1280\" \/>\n\t\t\t\t\t\t\t\t<span class=\"et_overlay\"><\/span>\n\t\t\t\t\t\t\t<\/a>\n\t\t\t\t\t\t\t\n\t\t\t\t\t\t\t<a data-width=\"1920\" data-height=\"1280\" href=\"https:\/\/mustamakimedia.fi\/wp-content\/uploads\/2023\/04\/Musta-Maki-Media-Brandikuvaus-Jyvaskyla-68-scaled.jpeg\"  data-categories=\"\" class=\"dmg_masonry_gallery_item \" >\n\t\t\t\t\t\t\t\t<img class=\"dmg-lazyload\" alt=\"Professional photo shot in Jyv\u00e4skyl\u00e4, business portraits in Central Finland, photo sessions for companies and individuals \u2013 Keski Suomi ( Valokuvaaja Jyv\u00e4skyl\u00e4 ) \" data-src=\"https:\/\/mustamakimedia.fi\/wp-content\/uploads\/2023\/04\/Musta-Maki-Media-Brandikuvaus-Jyvaskyla-68-1920x1280.jpeg\" width=\"1920\" height=\"1280\" \/>\n\t\t\t\t\t\t\t\t<span class=\"et_overlay\"><\/span>\n\t\t\t\t\t\t\t<\/a>\n\t\t\t\t\t\t\t\n\t\t\t\t\t\t\t<a data-width=\"1440\" data-height=\"2160\" href=\"https:\/\/mustamakimedia.fi\/wp-content\/uploads\/2023\/04\/Musta-Maki-Media-Brandikuvaus-Jyvaskyla-62.jpeg\"  data-categories=\"\" class=\"dmg_masonry_gallery_item \" >\n\t\t\t\t\t\t\t\t<img class=\"dmg-lazyload\" alt=\"Professional photo shot in Jyv\u00e4skyl\u00e4, business portraits in Central Finland, photo sessions for companies and individuals \u2013 Keski Suomi ( Valokuvaaja Jyv\u00e4skyl\u00e4 ) \" data-src=\"https:\/\/mustamakimedia.fi\/wp-content\/uploads\/2023\/04\/Musta-Maki-Media-Brandikuvaus-Jyvaskyla-62.jpeg\" width=\"1440\" height=\"2160\" \/>\n\t\t\t\t\t\t\t\t<span class=\"et_overlay\"><\/span>\n\t\t\t\t\t\t\t<\/a>\n\t\t\t\t\t\t\t\n\t\t\t\t\t\t\t<a data-width=\"1440\" data-height=\"2160\" href=\"https:\/\/mustamakimedia.fi\/wp-content\/uploads\/2023\/04\/Musta-Maki-Media-brandikuvaukset-Jyvaskyla-047.jpeg\"  data-categories=\"\" class=\"dmg_masonry_gallery_item \" >\n\t\t\t\t\t\t\t\t<img class=\"dmg-lazyload\" alt=\"Professional photo shot in Jyv\u00e4skyl\u00e4, business portraits in Central Finland, photo sessions for companies and individuals \u2013 Keski Suomi ( Valokuvaaja Jyv\u00e4skyl\u00e4 ) \" data-src=\"https:\/\/mustamakimedia.fi\/wp-content\/uploads\/2023\/04\/Musta-Maki-Media-brandikuvaukset-Jyvaskyla-047.jpeg\" width=\"1440\" height=\"2160\" \/>\n\t\t\t\t\t\t\t\t<span class=\"et_overlay\"><\/span>\n\t\t\t\t\t\t\t<\/a>\n\t\t\t\t\t\t\t\n\t\t\t\t\t\t\t<a data-width=\"1920\" data-height=\"1280\" href=\"https:\/\/mustamakimedia.fi\/wp-content\/uploads\/2023\/03\/Musta-Maki-Media-Brandikuvaus-Jyvaskyla-70-scaled.jpeg\"  data-categories=\"\" class=\"dmg_masonry_gallery_item \" >\n\t\t\t\t\t\t\t\t<img class=\"dmg-lazyload\" alt=\"Professional commercial and business photography: individual portaits business, headshots, brand description in Jyv\u00e4skyl\u00e4.\" data-src=\"https:\/\/mustamakimedia.fi\/wp-content\/uploads\/2023\/03\/Musta-Maki-Media-Brandikuvaus-Jyvaskyla-70-1920x1280.jpeg\" width=\"1920\" height=\"1280\" \/>\n\t\t\t\t\t\t\t\t<span class=\"et_overlay\"><\/span>\n\t\t\t\t\t\t\t<\/a>\n\t\t\t\t\t\t\t\n\t\t\t\t\t\t\t<a data-width=\"1920\" data-height=\"1280\" href=\"https:\/\/mustamakimedia.fi\/wp-content\/uploads\/2023\/03\/Musta-Maki-Media-brandikuvaukset-Jyvaskyla-950-scaled.jpeg\"  data-categories=\"\" class=\"dmg_masonry_gallery_item \" >\n\t\t\t\t\t\t\t\t<img class=\"dmg-lazyload\" alt=\"Professional commercial and business photography: individual portaits business, headshots, brand description in Jyv\u00e4skyl\u00e4.\" data-src=\"https:\/\/mustamakimedia.fi\/wp-content\/uploads\/2023\/03\/Musta-Maki-Media-brandikuvaukset-Jyvaskyla-950-1920x1280.jpeg\" width=\"1920\" height=\"1280\" \/>\n\t\t\t\t\t\t\t\t<span class=\"et_overlay\"><\/span>\n\t\t\t\t\t\t\t<\/a>\n\t\t\t\t\t\t\t\n\t\t\t\t\t\t\t<a data-width=\"1920\" data-height=\"1280\" href=\"https:\/\/mustamakimedia.fi\/wp-content\/uploads\/2023\/03\/Musta-Maki-Media-brandikuvaukset-Jyvaskyla-845-scaled.jpeg\"  data-categories=\"\" class=\"dmg_masonry_gallery_item \" >\n\t\t\t\t\t\t\t\t<img class=\"dmg-lazyload\" alt=\"Business description Keski Suomi\" data-src=\"https:\/\/mustamakimedia.fi\/wp-content\/uploads\/2023\/03\/Musta-Maki-Media-brandikuvaukset-Jyvaskyla-845-1920x1280.jpeg\" width=\"1920\" height=\"1280\" \/>\n\t\t\t\t\t\t\t\t<span class=\"et_overlay\"><\/span>\n\t\t\t\t\t\t\t<\/a>\n\t\t\t\t\t\t\t\n\t\t\t\t\t\t\t<a data-width=\"1440\" data-height=\"2160\" href=\"https:\/\/mustamakimedia.fi\/wp-content\/uploads\/2023\/03\/Musta-Maki-Media-Yrityskuvaus-Jyvaskyla-32.jpeg\"  data-categories=\"\" class=\"dmg_masonry_gallery_item \" >\n\t\t\t\t\t\t\t\t<img class=\"dmg-lazyload\" alt=\"Professional commercial and business photography: individual portaits business, headshots, brand description in Jyv\u00e4skyl\u00e4.\" data-src=\"https:\/\/mustamakimedia.fi\/wp-content\/uploads\/2023\/03\/Musta-Maki-Media-Yrityskuvaus-Jyvaskyla-32.jpeg\" width=\"1440\" height=\"2160\" \/>\n\t\t\t\t\t\t\t\t<span class=\"et_overlay\"><\/span>\n\t\t\t\t\t\t\t<\/a>\n\t\t\t\t\t\t\t\n\t\t\t\t\t\t\t<a data-width=\"1440\" data-height=\"2160\" href=\"https:\/\/mustamakimedia.fi\/wp-content\/uploads\/2023\/03\/Valokuvaaja-Jyvaskyla-Yrityskuvaus-Keski-Suomi-10.jpeg\"  data-categories=\"\" class=\"dmg_masonry_gallery_item \" >\n\t\t\t\t\t\t\t\t<img class=\"dmg-lazyload\" alt=\"Professional commercial and business photography: individual portaits business, headshots, brand description in Jyv\u00e4skyl\u00e4.\" data-src=\"https:\/\/mustamakimedia.fi\/wp-content\/uploads\/2023\/03\/Valokuvaaja-Jyvaskyla-Yrityskuvaus-Keski-Suomi-10.jpeg\" width=\"1440\" height=\"2160\" \/>\n\t\t\t\t\t\t\t\t<span class=\"et_overlay\"><\/span>\n\t\t\t\t\t\t\t<\/a>\n\t\t\t\t\t\t\t\n\t\t\t\t\t\t\t<a data-width=\"1920\" data-height=\"1920\" href=\"https:\/\/mustamakimedia.fi\/wp-content\/uploads\/2023\/03\/Musta-Maki-Media-Brandikuvaus-Jyvaskyla-59.jpg\"  data-categories=\"\" class=\"dmg_masonry_gallery_item \" >\n\t\t\t\t\t\t\t\t<img class=\"dmg-lazyload\" alt=\"Professional commercial and business photography: individual portaits business, headshots, brand description in Jyv\u00e4skyl\u00e4.\" data-src=\"https:\/\/mustamakimedia.fi\/wp-content\/uploads\/2023\/03\/Musta-Maki-Media-Brandikuvaus-Jyvaskyla-59-1920x1920.jpg\" width=\"1920\" height=\"1920\" \/>\n\t\t\t\t\t\t\t\t<span class=\"et_overlay\"><\/span>\n\t\t\t\t\t\t\t<\/a>\n\t\t\t\t\t\t\t\n\t\t\t\t\t\t\t<a data-width=\"1577\" data-height=\"2160\" href=\"https:\/\/mustamakimedia.fi\/wp-content\/uploads\/2023\/03\/Musta-Maki-Media-brandikuvaukset-Jyvaskyla-048.jpeg\"  data-categories=\"\" class=\"dmg_masonry_gallery_item \" >\n\t\t\t\t\t\t\t\t<img class=\"dmg-lazyload\" alt=\"Professional commercial and business photography: individual portaits business, headshots, brand description in Jyv\u00e4skyl\u00e4.\" data-src=\"https:\/\/mustamakimedia.fi\/wp-content\/uploads\/2023\/03\/Musta-Maki-Media-brandikuvaukset-Jyvaskyla-048.jpeg\" width=\"1577\" height=\"2160\" \/>\n\t\t\t\t\t\t\t\t<span class=\"et_overlay\"><\/span>\n\t\t\t\t\t\t\t<\/a>\n\t\t\t\t\t\t\t\n\t\t\t\t\t\t\t<a data-width=\"1440\" data-height=\"2160\" href=\"https:\/\/mustamakimedia.fi\/wp-content\/uploads\/2023\/03\/Musta-Maki-Media-Brandikuvaus-Jyvaskyla-81.jpeg\"  data-categories=\"\" class=\"dmg_masonry_gallery_item \" >\n\t\t\t\t\t\t\t\t<img class=\"dmg-lazyload\" alt=\"Professional commercial and business photography: individual portaits business, headshots, brand description in Jyv\u00e4skyl\u00e4.\" data-src=\"https:\/\/mustamakimedia.fi\/wp-content\/uploads\/2023\/03\/Musta-Maki-Media-Brandikuvaus-Jyvaskyla-81.jpeg\" width=\"1440\" height=\"2160\" \/>\n\t\t\t\t\t\t\t\t<span class=\"et_overlay\"><\/span>\n\t\t\t\t\t\t\t<\/a>\n\t\t\t\t\t\t\t\n\t\t\t\t\t\t\t<a data-width=\"1440\" data-height=\"2160\" href=\"https:\/\/mustamakimedia.fi\/wp-content\/uploads\/2023\/03\/Musta-Maki-Media-brandikuvaukset-Jyvaskyla-050.jpeg\"  data-categories=\"\" class=\"dmg_masonry_gallery_item \" >\n\t\t\t\t\t\t\t\t<img class=\"dmg-lazyload\" alt=\"Professional commercial and business photography: individual portaits business, headshots, brand description in Jyv\u00e4skyl\u00e4.\" data-src=\"https:\/\/mustamakimedia.fi\/wp-content\/uploads\/2023\/03\/Musta-Maki-Media-brandikuvaukset-Jyvaskyla-050.jpeg\" width=\"1440\" height=\"2160\" \/>\n\t\t\t\t\t\t\t\t<span class=\"et_overlay\"><\/span>\n\t\t\t\t\t\t\t<\/a>\n\t\t\t\t\t\t\t\n\t\t\t\t\t\t\t<a data-width=\"1440\" data-height=\"2160\" href=\"https:\/\/mustamakimedia.fi\/wp-content\/uploads\/2023\/03\/Musta-Maki-Media-Yrityskuvaus-Jyvaskyla-24.jpeg\"  data-categories=\"\" class=\"dmg_masonry_gallery_item \" >\n\t\t\t\t\t\t\t\t<img class=\"dmg-lazyload\" alt=\"Professional commercial and business photography: individual portaits business, headshots, brand description in Jyv\u00e4skyl\u00e4.\" data-src=\"https:\/\/mustamakimedia.fi\/wp-content\/uploads\/2023\/03\/Musta-Maki-Media-Yrityskuvaus-Jyvaskyla-24.jpeg\" width=\"1440\" height=\"2160\" \/>\n\t\t\t\t\t\t\t\t<span class=\"et_overlay\"><\/span>\n\t\t\t\t\t\t\t<\/a>\n\t\t\t\t\t\t\t\n\t\t\t\t\t\t\t<a data-width=\"1440\" data-height=\"2160\" href=\"https:\/\/mustamakimedia.fi\/wp-content\/uploads\/2023\/04\/Musta-Maki-Media-brandikuvaukset-Jyvaskyla-850.jpeg\"  data-categories=\"\" class=\"dmg_masonry_gallery_item \" >\n\t\t\t\t\t\t\t\t<img class=\"dmg-lazyload\" alt=\"Professional photo shot in Jyv\u00e4skyl\u00e4, business portraits in Central Finland, photo sessions for companies and individuals \u2013 Keski Suomi ( Valokuvaaja Jyv\u00e4skyl\u00e4 ) \" data-src=\"https:\/\/mustamakimedia.fi\/wp-content\/uploads\/2023\/04\/Musta-Maki-Media-brandikuvaukset-Jyvaskyla-850.jpeg\" width=\"1440\" height=\"2160\" \/>\n\t\t\t\t\t\t\t\t<span class=\"et_overlay\"><\/span>\n\t\t\t\t\t\t\t<\/a>\n\t\t\t\t\t\t\t\n\t\t\t\t\t\t\t<a data-width=\"1577\" data-height=\"2160\" href=\"https:\/\/mustamakimedia.fi\/wp-content\/uploads\/2023\/03\/Musta-Maki-Media-Brandikuvaus-Jyvaskyla-95.jpeg\"  data-categories=\"\" class=\"dmg_masonry_gallery_item \" >\n\t\t\t\t\t\t\t\t<img class=\"dmg-lazyload\" alt=\"Professional commercial and business photography: individual portaits business, headshots, brand description in Jyv\u00e4skyl\u00e4.\" data-src=\"https:\/\/mustamakimedia.fi\/wp-content\/uploads\/2023\/03\/Musta-Maki-Media-Brandikuvaus-Jyvaskyla-95.jpeg\" width=\"1577\" height=\"2160\" \/>\n\t\t\t\t\t\t\t\t<span class=\"et_overlay\"><\/span>\n\t\t\t\t\t\t\t<\/a>\n\t\t\t\t\t\t\t\n\t\t\t\t\t\t\t<a data-width=\"1440\" data-height=\"2160\" href=\"https:\/\/mustamakimedia.fi\/wp-content\/uploads\/2023\/03\/Valokuvaaja-Jyvaskyla-Yrityskuvaus-Keski-Suomi-14.jpeg\"  data-categories=\"\" class=\"dmg_masonry_gallery_item \" >\n\t\t\t\t\t\t\t\t<img class=\"dmg-lazyload\" alt=\"Professional commercial and business photography: individual portaits business, headshots, brand description in Jyv\u00e4skyl\u00e4.\" data-src=\"https:\/\/mustamakimedia.fi\/wp-content\/uploads\/2023\/03\/Valokuvaaja-Jyvaskyla-Yrityskuvaus-Keski-Suomi-14.jpeg\" width=\"1440\" height=\"2160\" \/>\n\t\t\t\t\t\t\t\t<span class=\"et_overlay\"><\/span>\n\t\t\t\t\t\t\t<\/a>\n\t\t\t\t\t\t\t\n\t\t\t\t\t\t\t<a data-width=\"1920\" data-height=\"1280\" href=\"https:\/\/mustamakimedia.fi\/wp-content\/uploads\/2023\/05\/20230429-Musta-Maki-Media-Muotokuva-Siru-13-copy.jpg\"  data-categories=\"\" class=\"dmg_masonry_gallery_item \" >\n\t\t\t\t\t\t\t\t<img class=\"dmg-lazyload\" alt=\"Henkil\u00f6kuvaus Jyv\u00e4skyl\u00e4ss\u00e4\" data-src=\"https:\/\/mustamakimedia.fi\/wp-content\/uploads\/2023\/05\/20230429-Musta-Maki-Media-Muotokuva-Siru-13-copy-1920x1280.jpg\" width=\"1920\" height=\"1280\" \/>\n\t\t\t\t\t\t\t\t<span class=\"et_overlay\"><\/span>\n\t\t\t\t\t\t\t<\/a>\n\t\t\t\t\t\t\t\n\t\t\t\t\t\t\t<a data-width=\"1920\" data-height=\"1280\" href=\"https:\/\/mustamakimedia.fi\/wp-content\/uploads\/2023\/06\/20230429-Musta-Maki-Media-Muotokuva-T-04-copy.jpg\"  data-categories=\"\" class=\"dmg_masonry_gallery_item \" >\n\t\t\t\t\t\t\t\t<img class=\"dmg-lazyload\" alt=\"HENKIL\u00d6KUVAUS Jyv\u00e4skyl\u00e4\" data-src=\"https:\/\/mustamakimedia.fi\/wp-content\/uploads\/2023\/06\/20230429-Musta-Maki-Media-Muotokuva-T-04-copy-1920x1280.jpg\" width=\"1920\" height=\"1280\" \/>\n\t\t\t\t\t\t\t\t<span class=\"et_overlay\"><\/span>\n\t\t\t\t\t\t\t<\/a>\n\t\t\t\t\t\t\t\n\t\t\t\t\t\t\t<a data-width=\"1440\" data-height=\"2160\" href=\"https:\/\/mustamakimedia.fi\/wp-content\/uploads\/2023\/03\/Valokuvaaja-Jyvaskyla-Yrityskuvaus-Keski-Suomi-13.jpeg\"  data-categories=\"\" class=\"dmg_masonry_gallery_item \" >\n\t\t\t\t\t\t\t\t<img class=\"dmg-lazyload\" alt=\"Professional commercial and business photography: individual portaits business, headshots, brand description in Jyv\u00e4skyl\u00e4.\" data-src=\"https:\/\/mustamakimedia.fi\/wp-content\/uploads\/2023\/03\/Valokuvaaja-Jyvaskyla-Yrityskuvaus-Keski-Suomi-13.jpeg\" width=\"1440\" height=\"2160\" \/>\n\t\t\t\t\t\t\t\t<span class=\"et_overlay\"><\/span>\n\t\t\t\t\t\t\t<\/a>\n\t\t\t\t\t\t\t\n\t\t\t\t\t\t\t<a data-width=\"1440\" data-height=\"2160\" href=\"https:\/\/mustamakimedia.fi\/wp-content\/uploads\/2023\/03\/Valokuvaaja-Jyvaskyla-Yrityskuvaus-Keski-Suomi-04.jpg\"  data-categories=\"\" class=\"dmg_masonry_gallery_item \" >\n\t\t\t\t\t\t\t\t<img class=\"dmg-lazyload\" alt=\"Professional commercial and business photography: individual portaits business, headshots, brand description in Jyv\u00e4skyl\u00e4.\" data-src=\"https:\/\/mustamakimedia.fi\/wp-content\/uploads\/2023\/03\/Valokuvaaja-Jyvaskyla-Yrityskuvaus-Keski-Suomi-04.jpg\" width=\"1440\" height=\"2160\" \/>\n\t\t\t\t\t\t\t\t<span class=\"et_overlay\"><\/span>\n\t\t\t\t\t\t\t<\/a>\n\t\t\t\t\t\t\t\n\t\t\t\t\t\t\t<a data-width=\"1440\" data-height=\"2160\" href=\"https:\/\/mustamakimedia.fi\/wp-content\/uploads\/2023\/03\/Valokuvaaja-Jyvaskyla-Yrityskuvaus-Keski-Suomi-03.jpg\"  data-categories=\"\" class=\"dmg_masonry_gallery_item \" >\n\t\t\t\t\t\t\t\t<img class=\"dmg-lazyload\" alt=\"Professional commercial and business photography: individual portaits business, headshots, brand description in Jyv\u00e4skyl\u00e4.\" data-src=\"https:\/\/mustamakimedia.fi\/wp-content\/uploads\/2023\/03\/Valokuvaaja-Jyvaskyla-Yrityskuvaus-Keski-Suomi-03.jpg\" width=\"1440\" height=\"2160\" \/>\n\t\t\t\t\t\t\t\t<span class=\"et_overlay\"><\/span>\n\t\t\t\t\t\t\t<\/a>\n\t\t\t\t\t\t\t\n\t\t\t\t\t\t\t<a data-width=\"1920\" data-height=\"1440\" href=\"https:\/\/mustamakimedia.fi\/wp-content\/uploads\/2023\/03\/Valokuvaaja-Jyvaskyla-Yrityskuvaus-Keski-Suomi-11-scaled.jpg\"  data-categories=\"\" class=\"dmg_masonry_gallery_item \" >\n\t\t\t\t\t\t\t\t<img class=\"dmg-lazyload\" alt=\"Professional commercial and business photography: individual portaits business, headshots, brand description in Jyv\u00e4skyl\u00e4.\" data-src=\"https:\/\/mustamakimedia.fi\/wp-content\/uploads\/2023\/03\/Valokuvaaja-Jyvaskyla-Yrityskuvaus-Keski-Suomi-11-1920x1440.jpg\" width=\"1920\" height=\"1440\" \/>\n\t\t\t\t\t\t\t\t<span class=\"et_overlay\"><\/span>\n\t\t\t\t\t\t\t<\/a>\n\t\t\t\t\t\t\t\n\t\t\t\t\t\t\t<a data-width=\"1920\" data-height=\"1280\" href=\"https:\/\/mustamakimedia.fi\/wp-content\/uploads\/2023\/04\/Musta-Maki-Media-Yrityskuvaus-Jyvaskyla-29-scaled.jpeg\"  data-categories=\"\" class=\"dmg_masonry_gallery_item \" >\n\t\t\t\t\t\t\t\t<img class=\"dmg-lazyload\" alt=\"Professional photo shot in Jyv\u00e4skyl\u00e4, business portraits in Central Finland, photo sessions for companies and individuals \u2013 Keski Suomi ( Valokuvaaja Jyv\u00e4skyl\u00e4 ) \" data-src=\"https:\/\/mustamakimedia.fi\/wp-content\/uploads\/2023\/04\/Musta-Maki-Media-Yrityskuvaus-Jyvaskyla-29-1920x1280.jpeg\" width=\"1920\" height=\"1280\" \/>\n\t\t\t\t\t\t\t\t<span class=\"et_overlay\"><\/span>\n\t\t\t\t\t\t\t<\/a>\n\t\t\t\t\t\t\t\n\t\t\t\t\t\t\t<a data-width=\"1920\" data-height=\"1280\" href=\"https:\/\/mustamakimedia.fi\/wp-content\/uploads\/2023\/06\/20230530-Musta-Maki-Media-Valokuvaaja-RN-19-copy.jpg\"  data-categories=\"\" class=\"dmg_masonry_gallery_item \" >\n\t\t\t\t\t\t\t\t<img class=\"dmg-lazyload\" alt=\"HENKIL\u00d6KUVAUS Jyv\u00e4skyl\u00e4\" data-src=\"https:\/\/mustamakimedia.fi\/wp-content\/uploads\/2023\/06\/20230530-Musta-Maki-Media-Valokuvaaja-RN-19-copy-1920x1280.jpg\" width=\"1920\" height=\"1280\" \/>\n\t\t\t\t\t\t\t\t<span class=\"et_overlay\"><\/span>\n\t\t\t\t\t\t\t<\/a>\n\t\t\t\t\t\t\t\n\t\t\t\t\t\t\t<a data-width=\"1920\" data-height=\"1280\" href=\"https:\/\/mustamakimedia.fi\/wp-content\/uploads\/2023\/06\/20230615-Musta-Maki-Media-Valokuvaaja-Jyvaskylassa-Heli-19-copy.jpg\"  data-categories=\"\" class=\"dmg_masonry_gallery_item \" >\n\t\t\t\t\t\t\t\t<img class=\"dmg-lazyload\" alt=\"HENKIL\u00d6KUVAUS Jyv\u00e4skyl\u00e4\" data-src=\"https:\/\/mustamakimedia.fi\/wp-content\/uploads\/2023\/06\/20230615-Musta-Maki-Media-Valokuvaaja-Jyvaskylassa-Heli-19-copy-1920x1280.jpg\" width=\"1920\" height=\"1280\" \/>\n\t\t\t\t\t\t\t\t<span class=\"et_overlay\"><\/span>\n\t\t\t\t\t\t\t<\/a>\n\t\t\t\t\t\t\t\n\t\t\t\t\t\t\t<a data-width=\"1920\" data-height=\"1280\" href=\"https:\/\/mustamakimedia.fi\/wp-content\/uploads\/2023\/06\/20230411-Musta-Maki-Media-Yrityksen-Muotokuva-J-04-copy.jpg\"  data-categories=\"\" class=\"dmg_masonry_gallery_item \" >\n\t\t\t\t\t\t\t\t<img class=\"dmg-lazyload\" alt=\"HENKIL\u00d6KUVAUS Jyv\u00e4skyl\u00e4\" data-src=\"https:\/\/mustamakimedia.fi\/wp-content\/uploads\/2023\/06\/20230411-Musta-Maki-Media-Yrityksen-Muotokuva-J-04-copy-1920x1280.jpg\" width=\"1920\" height=\"1280\" \/>\n\t\t\t\t\t\t\t\t<span class=\"et_overlay\"><\/span>\n\t\t\t\t\t\t\t<\/a>\n\t\t\t\t\t\t\t\n\t\t\t\t\t\t\t<a data-width=\"1920\" data-height=\"1280\" href=\"https:\/\/mustamakimedia.fi\/wp-content\/uploads\/2023\/05\/Musta-Maki-Media-Ravintola-Kuvaus-Jyvaskyla-61.jpeg\"  data-categories=\"\" class=\"dmg_masonry_gallery_item \" >\n\t\t\t\t\t\t\t\t<img class=\"dmg-lazyload\" alt=\"HENKIL\u00d6KUVAUS Jyv\u00e4skyl\u00e4\" data-src=\"https:\/\/mustamakimedia.fi\/wp-content\/uploads\/2023\/05\/Musta-Maki-Media-Ravintola-Kuvaus-Jyvaskyla-61-1920x1280.jpeg\" width=\"1920\" height=\"1280\" \/>\n\t\t\t\t\t\t\t\t<span class=\"et_overlay\"><\/span>\n\t\t\t\t\t\t\t<\/a>\n\t\t\t\t\t\t\t\n\t\t\t\t\t\t\t<a data-width=\"1920\" data-height=\"1280\" href=\"https:\/\/mustamakimedia.fi\/wp-content\/uploads\/2023\/05\/Musta-Maki-Media-Brandikuvaus-Jyvaskyla-92.jpeg\"  data-categories=\"\" class=\"dmg_masonry_gallery_item \" >\n\t\t\t\t\t\t\t\t<img class=\"dmg-lazyload\" alt=\"HENKIL\u00d6KUVAUS Jyv\u00e4skyl\u00e4\" data-src=\"https:\/\/mustamakimedia.fi\/wp-content\/uploads\/2023\/05\/Musta-Maki-Media-Brandikuvaus-Jyvaskyla-92-1920x1280.jpeg\" width=\"1920\" height=\"1280\" \/>\n\t\t\t\t\t\t\t\t<span class=\"et_overlay\"><\/span>\n\t\t\t\t\t\t\t<\/a>\n\t\t\t\t\t\t\t\n\t\t\t\t\t\t\t<a data-width=\"1920\" data-height=\"1280\" href=\"https:\/\/mustamakimedia.fi\/wp-content\/uploads\/2023\/05\/Musta-Maki-Media-Ravintola-Kuvaus-Jyvaskyla-60.jpeg\"  data-categories=\"\" class=\"dmg_masonry_gallery_item \" >\n\t\t\t\t\t\t\t\t<img class=\"dmg-lazyload\" alt=\"Valokuvaaja Jyv\u00e4skyl\u00e4\" data-src=\"https:\/\/mustamakimedia.fi\/wp-content\/uploads\/2023\/05\/Musta-Maki-Media-Ravintola-Kuvaus-Jyvaskyla-60-1920x1280.jpeg\" width=\"1920\" height=\"1280\" \/>\n\t\t\t\t\t\t\t\t<span class=\"et_overlay\"><\/span>\n\t\t\t\t\t\t\t<\/a>\n\t\t\t\t\t\t\t\n\t\t\t\t\t\t\t<a data-width=\"1920\" data-height=\"1280\" href=\"https:\/\/mustamakimedia.fi\/wp-content\/uploads\/2023\/05\/Musta-Maki-Media-Brandikuvaus-Jyvaskyla-93.jpeg\"  data-categories=\"\" class=\"dmg_masonry_gallery_item \" >\n\t\t\t\t\t\t\t\t<img class=\"dmg-lazyload\" alt=\"HENKIL\u00d6KUVAUS Jyv\u00e4skyl\u00e4\" data-src=\"https:\/\/mustamakimedia.fi\/wp-content\/uploads\/2023\/05\/Musta-Maki-Media-Brandikuvaus-Jyvaskyla-93-1920x1280.jpeg\" width=\"1920\" height=\"1280\" \/>\n\t\t\t\t\t\t\t\t<span class=\"et_overlay\"><\/span>\n\t\t\t\t\t\t\t<\/a>\n\t\t\t\t\t\t\t\n\t  \t\t\t<\/div>\n\t  \t\t\t\n  \t\t\t<\/div>\n  \t\t\t\n\t\t\t\t<\/div>\n\t\t\t<\/div>\n","protected":false},"author":2,"featured_media":4168,"parent":0,"menu_order":0,"comment_status":"closed","ping_status":"closed","template":"","meta":{"_et_pb_use_builder":"on","_et_pb_old_content":"","_et_gb_content_width":"","ngg_post_thumbnail":0,"footnotes":""},"class_list":["post-2833","page","type-page","status-publish","has-post-thumbnail","hentry"],"yoast_head":"<!-- This site is optimized with the Yoast SEO plugin v25.3 - https:\/\/yoast.com\/wordpress\/plugins\/seo\/ -->\n<title>HENKIL\u00d6KUVAUS - Jyv\u00e4skyl\u00e4 - Musta Maki Media - Ammattivalokuvaaja<\/title>\n<meta name=\"description\" content=\"Etsitk\u00f6 valokuvaajaa Jyv\u00e4skyl\u00e4ss\u00e4? Musta M\u00e4ki Media on ammattivalokuvaaja. Tarjouksessani on: yrityskuvaus ja HENKIL\u00d6KUVAUS Jyv\u00e4skyl\u00e4!\" \/>\n<meta name=\"robots\" content=\"index, follow, max-snippet:-1, max-image-preview:large, max-video-preview:-1\" \/>\n<link rel=\"canonical\" href=\"https:\/\/mustamakimedia.fi\/fi\/valokuvaaja-jyvaskyla-henkilokuvaus\/\" \/>\n<meta property=\"og:locale\" content=\"fi_FI\" \/>\n<meta property=\"og:type\" content=\"article\" \/>\n<meta property=\"og:title\" content=\"HENKIL\u00d6KUVAUS - Jyv\u00e4skyl\u00e4 - Musta Maki Media - Ammattivalokuvaaja\" \/>\n<meta property=\"og:description\" content=\"Etsitk\u00f6 valokuvaajaa Jyv\u00e4skyl\u00e4ss\u00e4? Musta M\u00e4ki Media on ammattivalokuvaaja. Tarjouksessani on: yrityskuvaus ja HENKIL\u00d6KUVAUS Jyv\u00e4skyl\u00e4!\" \/>\n<meta property=\"og:url\" content=\"https:\/\/mustamakimedia.fi\/fi\/valokuvaaja-jyvaskyla-henkilokuvaus\/\" \/>\n<meta property=\"og:site_name\" content=\"Musta Maki Media\" \/>\n<meta property=\"article:publisher\" content=\"https:\/\/www.facebook.com\/MustaMakiMedia\" \/>\n<meta property=\"article:modified_time\" content=\"2024-04-30T08:07:57+00:00\" \/>\n<meta property=\"og:image\" content=\"https:\/\/mustamakimedia.fi\/wp-content\/uploads\/2023\/06\/2023-Valokuvaaja-Jyvaskyla-Yrityskuvaus-Musta-Maki-Media-01-FI.jpg\" \/>\n\t<meta property=\"og:image:width\" content=\"4127\" \/>\n\t<meta property=\"og:image:height\" content=\"2160\" \/>\n\t<meta property=\"og:image:type\" content=\"image\/jpeg\" \/>\n<meta name=\"twitter:card\" content=\"summary_large_image\" \/>\n<meta name=\"twitter:label1\" content=\"Arvioitu lukuaika\" \/>\n\t<meta name=\"twitter:data1\" content=\"2 minuuttia\" \/>\n<script type=\"application\/ld+json\" class=\"yoast-schema-graph\">{\"@context\":\"https:\/\/schema.org\",\"@graph\":[{\"@type\":\"WebPage\",\"@id\":\"https:\/\/mustamakimedia.fi\/fi\/valokuvaaja-jyvaskyla-henkilokuvaus\/\",\"url\":\"https:\/\/mustamakimedia.fi\/fi\/valokuvaaja-jyvaskyla-henkilokuvaus\/\",\"name\":\"HENKIL\u00d6KUVAUS - Jyv\u00e4skyl\u00e4 - Musta Maki Media - Ammattivalokuvaaja\",\"isPartOf\":{\"@id\":\"https:\/\/mustamakimedia.fi\/#website\"},\"primaryImageOfPage\":{\"@id\":\"https:\/\/mustamakimedia.fi\/fi\/valokuvaaja-jyvaskyla-henkilokuvaus\/#primaryimage\"},\"image\":{\"@id\":\"https:\/\/mustamakimedia.fi\/fi\/valokuvaaja-jyvaskyla-henkilokuvaus\/#primaryimage\"},\"thumbnailUrl\":\"https:\/\/mustamakimedia.fi\/wp-content\/uploads\/2023\/06\/2023-Valokuvaaja-Jyvaskyla-Yrityskuvaus-Musta-Maki-Media-01-FI.jpg\",\"datePublished\":\"2023-05-02T08:20:43+00:00\",\"dateModified\":\"2024-04-30T08:07:57+00:00\",\"description\":\"Etsitk\u00f6 valokuvaajaa Jyv\u00e4skyl\u00e4ss\u00e4? Musta M\u00e4ki Media on ammattivalokuvaaja. Tarjouksessani on: yrityskuvaus ja HENKIL\u00d6KUVAUS Jyv\u00e4skyl\u00e4!\",\"breadcrumb\":{\"@id\":\"https:\/\/mustamakimedia.fi\/fi\/valokuvaaja-jyvaskyla-henkilokuvaus\/#breadcrumb\"},\"inLanguage\":\"fi\",\"potentialAction\":[{\"@type\":\"ReadAction\",\"target\":[\"https:\/\/mustamakimedia.fi\/fi\/valokuvaaja-jyvaskyla-henkilokuvaus\/\"]}]},{\"@type\":\"ImageObject\",\"inLanguage\":\"fi\",\"@id\":\"https:\/\/mustamakimedia.fi\/fi\/valokuvaaja-jyvaskyla-henkilokuvaus\/#primaryimage\",\"url\":\"https:\/\/mustamakimedia.fi\/wp-content\/uploads\/2023\/06\/2023-Valokuvaaja-Jyvaskyla-Yrityskuvaus-Musta-Maki-Media-01-FI.jpg\",\"contentUrl\":\"https:\/\/mustamakimedia.fi\/wp-content\/uploads\/2023\/06\/2023-Valokuvaaja-Jyvaskyla-Yrityskuvaus-Musta-Maki-Media-01-FI.jpg\",\"width\":4127,\"height\":2160,\"caption\":\"Yrityksen Muotokuvaus Keski Suomessa\"},{\"@type\":\"BreadcrumbList\",\"@id\":\"https:\/\/mustamakimedia.fi\/fi\/valokuvaaja-jyvaskyla-henkilokuvaus\/#breadcrumb\",\"itemListElement\":[{\"@type\":\"ListItem\",\"position\":1,\"name\":\"Home\",\"item\":\"https:\/\/mustamakimedia.fi\/\"},{\"@type\":\"ListItem\",\"position\":2,\"name\":\"HENKIL\u00d6KUVAUS\"}]},{\"@type\":\"WebSite\",\"@id\":\"https:\/\/mustamakimedia.fi\/#website\",\"url\":\"https:\/\/mustamakimedia.fi\/\",\"name\":\"Musta Maki Media\",\"description\":\"Musta M\u00e4ki Media - Valokuvaaja Jyv\u00e4skyl\u00e4ss\u00e4 \/ Drone - Keski-Suomi \/  Tarjoukseni sis\u00e4lt\u00e4\u00e4 yrityskuvaus, muotokuvat, asuntokuvaus, hotellikuvaus, henkil\u00f6kuvaus, tapahtumakuvaus,  valokuvat sosiaalisessa mediassa, muotokuvaus, h\u00e4\u00e4kuvat, perhe- ja satunnaiset istunnot,  br\u00e4ndikuvaus, valmistujaiskuvaus, boudoir-kuvaus, dronekuvaus, ja sisustuskuvaus.\",\"publisher\":{\"@id\":\"https:\/\/mustamakimedia.fi\/#organization\"},\"alternateName\":\"Musta M\u00e4ki Media - Valokuvaaja Jyv\u00e4skyl\u00e4ss\u00e4\",\"potentialAction\":[{\"@type\":\"SearchAction\",\"target\":{\"@type\":\"EntryPoint\",\"urlTemplate\":\"https:\/\/mustamakimedia.fi\/?s={search_term_string}\"},\"query-input\":{\"@type\":\"PropertyValueSpecification\",\"valueRequired\":true,\"valueName\":\"search_term_string\"}}],\"inLanguage\":\"fi\"},{\"@type\":\"Organization\",\"@id\":\"https:\/\/mustamakimedia.fi\/#organization\",\"name\":\"Musta M\u00e4ki Media\",\"url\":\"https:\/\/mustamakimedia.fi\/\",\"logo\":{\"@type\":\"ImageObject\",\"inLanguage\":\"fi\",\"@id\":\"https:\/\/mustamakimedia.fi\/#\/schema\/logo\/image\/\",\"url\":\"https:\/\/mustamakimedia.fi\/wp-content\/uploads\/2023\/03\/MMM-Valokuvaaja-Jyvaskyla-Logo-sqb-512.png\",\"contentUrl\":\"https:\/\/mustamakimedia.fi\/wp-content\/uploads\/2023\/03\/MMM-Valokuvaaja-Jyvaskyla-Logo-sqb-512.png\",\"width\":512,\"height\":512,\"caption\":\"Musta M\u00e4ki Media\"},\"image\":{\"@id\":\"https:\/\/mustamakimedia.fi\/#\/schema\/logo\/image\/\"},\"sameAs\":[\"https:\/\/www.facebook.com\/MustaMakiMedia\",\"https:\/\/www.instagram.com\/mustamakimedia\/\",\"https:\/\/www.youtube.com\/@mustamakimedia\"]}]}<\/script>\n<!-- \/ Yoast SEO plugin. -->","yoast_head_json":{"title":"HENKIL\u00d6KUVAUS - Jyv\u00e4skyl\u00e4 - Musta Maki Media - Ammattivalokuvaaja","description":"Etsitk\u00f6 valokuvaajaa Jyv\u00e4skyl\u00e4ss\u00e4? Musta M\u00e4ki Media on ammattivalokuvaaja. Tarjouksessani on: yrityskuvaus ja HENKIL\u00d6KUVAUS Jyv\u00e4skyl\u00e4!","robots":{"index":"index","follow":"follow","max-snippet":"max-snippet:-1","max-image-preview":"max-image-preview:large","max-video-preview":"max-video-preview:-1"},"canonical":"https:\/\/mustamakimedia.fi\/fi\/valokuvaaja-jyvaskyla-henkilokuvaus\/","og_locale":"fi_FI","og_type":"article","og_title":"HENKIL\u00d6KUVAUS - Jyv\u00e4skyl\u00e4 - Musta Maki Media - Ammattivalokuvaaja","og_description":"Etsitk\u00f6 valokuvaajaa Jyv\u00e4skyl\u00e4ss\u00e4? Musta M\u00e4ki Media on ammattivalokuvaaja. Tarjouksessani on: yrityskuvaus ja HENKIL\u00d6KUVAUS Jyv\u00e4skyl\u00e4!","og_url":"https:\/\/mustamakimedia.fi\/fi\/valokuvaaja-jyvaskyla-henkilokuvaus\/","og_site_name":"Musta Maki Media","article_publisher":"https:\/\/www.facebook.com\/MustaMakiMedia","article_modified_time":"2024-04-30T08:07:57+00:00","og_image":[{"width":4127,"height":2160,"url":"https:\/\/mustamakimedia.fi\/wp-content\/uploads\/2023\/06\/2023-Valokuvaaja-Jyvaskyla-Yrityskuvaus-Musta-Maki-Media-01-FI.jpg","type":"image\/jpeg"}],"twitter_card":"summary_large_image","twitter_misc":{"Arvioitu lukuaika":"2 minuuttia"},"schema":{"@context":"https:\/\/schema.org","@graph":[{"@type":"WebPage","@id":"https:\/\/mustamakimedia.fi\/fi\/valokuvaaja-jyvaskyla-henkilokuvaus\/","url":"https:\/\/mustamakimedia.fi\/fi\/valokuvaaja-jyvaskyla-henkilokuvaus\/","name":"HENKIL\u00d6KUVAUS - Jyv\u00e4skyl\u00e4 - Musta Maki Media - Ammattivalokuvaaja","isPartOf":{"@id":"https:\/\/mustamakimedia.fi\/#website"},"primaryImageOfPage":{"@id":"https:\/\/mustamakimedia.fi\/fi\/valokuvaaja-jyvaskyla-henkilokuvaus\/#primaryimage"},"image":{"@id":"https:\/\/mustamakimedia.fi\/fi\/valokuvaaja-jyvaskyla-henkilokuvaus\/#primaryimage"},"thumbnailUrl":"https:\/\/mustamakimedia.fi\/wp-content\/uploads\/2023\/06\/2023-Valokuvaaja-Jyvaskyla-Yrityskuvaus-Musta-Maki-Media-01-FI.jpg","datePublished":"2023-05-02T08:20:43+00:00","dateModified":"2024-04-30T08:07:57+00:00","description":"Etsitk\u00f6 valokuvaajaa Jyv\u00e4skyl\u00e4ss\u00e4? Musta M\u00e4ki Media on ammattivalokuvaaja. Tarjouksessani on: yrityskuvaus ja HENKIL\u00d6KUVAUS Jyv\u00e4skyl\u00e4!","breadcrumb":{"@id":"https:\/\/mustamakimedia.fi\/fi\/valokuvaaja-jyvaskyla-henkilokuvaus\/#breadcrumb"},"inLanguage":"fi","potentialAction":[{"@type":"ReadAction","target":["https:\/\/mustamakimedia.fi\/fi\/valokuvaaja-jyvaskyla-henkilokuvaus\/"]}]},{"@type":"ImageObject","inLanguage":"fi","@id":"https:\/\/mustamakimedia.fi\/fi\/valokuvaaja-jyvaskyla-henkilokuvaus\/#primaryimage","url":"https:\/\/mustamakimedia.fi\/wp-content\/uploads\/2023\/06\/2023-Valokuvaaja-Jyvaskyla-Yrityskuvaus-Musta-Maki-Media-01-FI.jpg","contentUrl":"https:\/\/mustamakimedia.fi\/wp-content\/uploads\/2023\/06\/2023-Valokuvaaja-Jyvaskyla-Yrityskuvaus-Musta-Maki-Media-01-FI.jpg","width":4127,"height":2160,"caption":"Yrityksen Muotokuvaus Keski Suomessa"},{"@type":"BreadcrumbList","@id":"https:\/\/mustamakimedia.fi\/fi\/valokuvaaja-jyvaskyla-henkilokuvaus\/#breadcrumb","itemListElement":[{"@type":"ListItem","position":1,"name":"Home","item":"https:\/\/mustamakimedia.fi\/"},{"@type":"ListItem","position":2,"name":"HENKIL\u00d6KUVAUS"}]},{"@type":"WebSite","@id":"https:\/\/mustamakimedia.fi\/#website","url":"https:\/\/mustamakimedia.fi\/","name":"Musta Maki Media","description":"Musta M\u00e4ki Media - Valokuvaaja Jyv\u00e4skyl\u00e4ss\u00e4 \/ Drone - Keski-Suomi \/  Tarjoukseni sis\u00e4lt\u00e4\u00e4 yrityskuvaus, muotokuvat, asuntokuvaus, hotellikuvaus, henkil\u00f6kuvaus, tapahtumakuvaus,  valokuvat sosiaalisessa mediassa, muotokuvaus, h\u00e4\u00e4kuvat, perhe- ja satunnaiset istunnot,  br\u00e4ndikuvaus, valmistujaiskuvaus, boudoir-kuvaus, dronekuvaus, ja sisustuskuvaus.","publisher":{"@id":"https:\/\/mustamakimedia.fi\/#organization"},"alternateName":"Musta M\u00e4ki Media - Valokuvaaja Jyv\u00e4skyl\u00e4ss\u00e4","potentialAction":[{"@type":"SearchAction","target":{"@type":"EntryPoint","urlTemplate":"https:\/\/mustamakimedia.fi\/?s={search_term_string}"},"query-input":{"@type":"PropertyValueSpecification","valueRequired":true,"valueName":"search_term_string"}}],"inLanguage":"fi"},{"@type":"Organization","@id":"https:\/\/mustamakimedia.fi\/#organization","name":"Musta M\u00e4ki Media","url":"https:\/\/mustamakimedia.fi\/","logo":{"@type":"ImageObject","inLanguage":"fi","@id":"https:\/\/mustamakimedia.fi\/#\/schema\/logo\/image\/","url":"https:\/\/mustamakimedia.fi\/wp-content\/uploads\/2023\/03\/MMM-Valokuvaaja-Jyvaskyla-Logo-sqb-512.png","contentUrl":"https:\/\/mustamakimedia.fi\/wp-content\/uploads\/2023\/03\/MMM-Valokuvaaja-Jyvaskyla-Logo-sqb-512.png","width":512,"height":512,"caption":"Musta M\u00e4ki Media"},"image":{"@id":"https:\/\/mustamakimedia.fi\/#\/schema\/logo\/image\/"},"sameAs":["https:\/\/www.facebook.com\/MustaMakiMedia","https:\/\/www.instagram.com\/mustamakimedia\/","https:\/\/www.youtube.com\/@mustamakimedia"]}]}},"_links":{"self":[{"href":"https:\/\/mustamakimedia.fi\/fi\/wp-json\/wp\/v2\/pages\/2833","targetHints":{"allow":["GET"]}}],"collection":[{"href":"https:\/\/mustamakimedia.fi\/fi\/wp-json\/wp\/v2\/pages"}],"about":[{"href":"https:\/\/mustamakimedia.fi\/fi\/wp-json\/wp\/v2\/types\/page"}],"author":[{"embeddable":true,"href":"https:\/\/mustamakimedia.fi\/fi\/wp-json\/wp\/v2\/users\/2"}],"replies":[{"embeddable":true,"href":"https:\/\/mustamakimedia.fi\/fi\/wp-json\/wp\/v2\/comments?post=2833"}],"version-history":[{"count":15,"href":"https:\/\/mustamakimedia.fi\/fi\/wp-json\/wp\/v2\/pages\/2833\/revisions"}],"predecessor-version":[{"id":6512,"href":"https:\/\/mustamakimedia.fi\/fi\/wp-json\/wp\/v2\/pages\/2833\/revisions\/6512"}],"wp:featuredmedia":[{"embeddable":true,"href":"https:\/\/mustamakimedia.fi\/fi\/wp-json\/wp\/v2\/media\/4168"}],"wp:attachment":[{"href":"https:\/\/mustamakimedia.fi\/fi\/wp-json\/wp\/v2\/media?parent=2833"}],"curies":[{"name":"wp","href":"https:\/\/api.w.org\/{rel}","templated":true}]}}